{"id":970,"date":"2017-02-08T16:12:58","date_gmt":"2017-02-08T15:12:58","guid":{"rendered":"https:\/\/cftc-dartyidf.fr\/?page_id=970"},"modified":"2017-02-08T16:12:58","modified_gmt":"2017-02-08T15:12:58","slug":"conges-speciaux-de-courte-duree","status":"publish","type":"page","link":"https:\/\/cftc-dartyidf.fr\/index.php\/conges-speciaux-de-courte-duree\/","title":{"rendered":"Les cong\u00e9s sp\u00e9ciaux de courte dur\u00e9e"},"content":{"rendered":"<p>Tout salari\u00e9 b\u00e9n\u00e9ficie, <span style=\"text-decoration: underline;\">SUR JUSTIFICATIF<\/span>, d\u2019un cong\u00e9 r\u00e9mun\u00e9r\u00e9 (fixe et variable) lors de la survenance de l\u2019un des \u00e9v\u00e9nements familiaux suivants :<\/p>\n<table>\n<tbody>\n<tr>\n<td style=\"text-align: center;\"><strong>\u00c9V\u00c9NEMENT\u00a0FAMILIAL<\/strong><\/td>\n<td style=\"text-align: center;\"><strong>CONVENTION COLLECTIVE ou AVANTAGE DARTY<\/strong><\/td>\n<\/tr>\n<tr>\n<td style=\"text-align: center;\">Mariage du salari\u00e9 (e)<\/td>\n<td style=\"text-align: center;\">5 jours (4 si moins d\u2019un an d\u2019anciennet\u00e9)<\/td>\n<\/tr>\n<tr>\n<td style=\"text-align: center;\">Mariage d\u2019un enfant<\/td>\n<td style=\"text-align: center;\">1 jour<\/td>\n<\/tr>\n<tr>\n<td style=\"text-align: center;\">Naissance d\u2019un enfant ou adoption<\/td>\n<td style=\"text-align: center;\">3 jours (cong\u00e9 paternit\u00e9 page 8)<\/td>\n<\/tr>\n<tr>\n<td style=\"text-align: center;\">D\u00e9c\u00e8s du conjoint ou d\u2019un enfant<\/td>\n<td style=\"text-align: center;\">5 jours*<\/td>\n<\/tr>\n<tr>\n<td style=\"text-align: center;\">D\u00e9c\u00e8s du partenaire li\u00e9 par un pacs.<\/td>\n<td style=\"text-align: center;\">3 jours*<\/td>\n<\/tr>\n<tr>\n<td style=\"text-align: center;\">D\u00e9c\u00e8s du p\u00e8re ou de la m\u00e8re<\/td>\n<td style=\"text-align: center;\">2 jours*<\/td>\n<\/tr>\n<tr>\n<td style=\"text-align: center;\">D\u00e9c\u00e8s\u00a0du fr\u00e8re, beau-fr\u00e8re, s\u0153ur, belle-s\u0153ur, beau parent, ascendant, ou descendant<\/td>\n<td style=\"text-align: center;\">1 jour*<\/td>\n<\/tr>\n<tr>\n<td style=\"text-align: center;\">D\u00e9m\u00e9nagement<\/td>\n<td style=\"text-align: center;\">1 jour non renouvelable avant 4 ans avec anciennet\u00e9 minimum d\u2019un an<\/td>\n<\/tr>\n<\/tbody>\n<\/table>\n<p>* plus un jour, si d\u00e9placement de plus de 300 km du domicile du salari\u00e9<\/p>\n<p style=\"text-align: center;\">1 jour = 1 jour ouvr\u00e9<\/p>\n<p><strong>Le cong\u00e9 pour anciennet\u00e9<\/strong><\/p>\n<table>\n<tbody>\n<tr>\n<td style=\"text-align: center;\">Cong\u00e9 suppl\u00e9mentaire pour anciennet\u00e9<\/td>\n<td style=\"text-align: center;\">1 jour pour 15 ans r\u00e9volus<br \/>\n3 jours pour 20 ans r\u00e9volus<br \/>\n4 jours pour 25 ans r\u00e9volus<\/td>\n<\/tr>\n<\/tbody>\n<\/table>\n<p>&nbsp;<\/p>\n<p><strong>Le cong\u00e9 pour enfant<\/strong><\/p>\n<table>\n<tbody>\n<tr>\n<td style=\"text-align: center;\" width=\"260\">Entr\u00e9e d\u2019un enfant en classe maternelle, CP ou 6\u00e8me<\/td>\n<td style=\"text-align: center;\" width=\"260\">2 heures<\/td>\n<\/tr>\n<tr>\n<td style=\"text-align: center;\" width=\"260\">Premi\u00e8re communion d\u2019un enfant<\/td>\n<td style=\"text-align: center;\" width=\"260\">1 jour avec anciennet\u00e9 minimum d\u2019un an<\/td>\n<\/tr>\n<tr>\n<td style=\"text-align: center;\" width=\"260\">Apr\u00e8s 6 mois d\u2019anciennet\u00e9 : Enfant malade ou hospitalis\u00e9 de moins de 12 ans : 3 jours ou 6 demi-journ\u00e9es<\/td>\n<td style=\"text-align: center;\" width=\"260\">Apr\u00e8s 1 an d\u2019anciennet\u00e9 :<\/p>\n<p>Enfant malade (-12 ans) : 3 jours ou 6 demi-journ\u00e9es Enfant hospitalis\u00e9 (-12 ans) : 5 jours ou 10 demi-journ\u00e9es<\/td>\n<\/tr>\n<\/tbody>\n<\/table>\n<p>&nbsp;<\/p>\n<p><strong>Garde d&#8217;un enfant malade<\/strong><\/p>\n<p>Lorsque les 2 parents travaillent dans la m\u00eame entreprise, les autorisations d\u2019absence peuvent \u00eatre cumul\u00e9es par l\u2019un des parents.<\/p>\n","protected":false},"excerpt":{"rendered":"<p>Tout salari\u00e9 b\u00e9n\u00e9ficie, SUR JUSTIFICATIF, d\u2019un cong\u00e9 r\u00e9mun\u00e9r\u00e9 (fixe et variable) lors de la survenance de l\u2019un des \u00e9v\u00e9nements familiaux suivants : \u00c9V\u00c9NEMENT\u00a0FAMILIAL CONVENTION COLLECTIVE ou AVANTAGE DARTY Mariage du &#8230; <a title=\"Les cong\u00e9s sp\u00e9ciaux de courte dur\u00e9e\" class=\"read-more\" href=\"https:\/\/cftc-dartyidf.fr\/index.php\/conges-speciaux-de-courte-duree\/\" aria-label=\"En savoir plus sur Les cong\u00e9s sp\u00e9ciaux de courte dur\u00e9e\">Lire plus<\/a><\/p>\n","protected":false},"author":1,"featured_media":0,"parent":0,"menu_order":0,"comment_status":"closed","ping_status":"closed","template":"","meta":{"generate_page_header":"","_price":"","_stock":"","_tribe_ticket_header":"","_tribe_default_ticket_provider":"","_tribe_ticket_capacity":"0","_ticket_start_date":"","_ticket_end_date":"","_tribe_ticket_show_description":"","_tribe_ticket_show_not_going":false,"_tribe_ticket_use_global_stock":"","_tribe_ticket_global_stock_level":"","_global_stock_mode":"","_global_stock_cap":"","_tribe_rsvp_for_event":"","_tribe_ticket_going_count":"","_tribe_ticket_not_going_count":"","_tribe_tickets_list":"[]","_tribe_ticket_has_attendee_info_fields":false,"jetpack_post_was_ever_published":false,"footnotes":"","_tec_slr_enabled":"","_tec_slr_layout":""},"class_list":["post-970","page","type-page","status-publish"],"yoast_head":"<!-- This site is optimized with the Yoast SEO plugin v27.5 - https:\/\/yoast.com\/product\/yoast-seo-wordpress\/ -->\n<title>Les cong\u00e9s sp\u00e9ciaux de courte dur\u00e9e - CFTC-Darty IDF<\/title>\n<meta name=\"robots\" content=\"index, follow, max-snippet:-1, max-image-preview:large, max-video-preview:-1\" \/>\n<link rel=\"canonical\" href=\"https:\/\/cftc-dartyidf.fr\/index.php\/conges-speciaux-de-courte-duree\/\" \/>\n<meta property=\"og:locale\" content=\"fr_FR\" \/>\n<meta property=\"og:type\" content=\"article\" \/>\n<meta property=\"og:title\" content=\"Les cong\u00e9s sp\u00e9ciaux de courte dur\u00e9e - CFTC-Darty IDF\" \/>\n<meta property=\"og:description\" content=\"Tout salari\u00e9 b\u00e9n\u00e9ficie, SUR JUSTIFICATIF, d\u2019un cong\u00e9 r\u00e9mun\u00e9r\u00e9 (fixe et variable) lors de la survenance de l\u2019un des \u00e9v\u00e9nements familiaux suivants : \u00c9V\u00c9NEMENT\u00a0FAMILIAL CONVENTION COLLECTIVE ou AVANTAGE DARTY Mariage du ... Lire plus\" \/>\n<meta property=\"og:url\" content=\"https:\/\/cftc-dartyidf.fr\/index.php\/conges-speciaux-de-courte-duree\/\" \/>\n<meta property=\"og:site_name\" content=\"CFTC-Darty IDF\" \/>\n<meta name=\"twitter:card\" content=\"summary_large_image\" \/>\n<meta name=\"twitter:label1\" content=\"Dur\u00e9e de lecture estim\u00e9e\" \/>\n\t<meta name=\"twitter:data1\" content=\"1 minute\" \/>\n<script type=\"application\/ld+json\" class=\"yoast-schema-graph\">{\"@context\":\"https:\\\/\\\/schema.org\",\"@graph\":[{\"@type\":\"WebPage\",\"@id\":\"https:\\\/\\\/cftc-dartyidf.fr\\\/index.php\\\/conges-speciaux-de-courte-duree\\\/\",\"url\":\"https:\\\/\\\/cftc-dartyidf.fr\\\/index.php\\\/conges-speciaux-de-courte-duree\\\/\",\"name\":\"Les cong\u00e9s sp\u00e9ciaux de courte dur\u00e9e - CFTC-Darty IDF\",\"isPartOf\":{\"@id\":\"https:\\\/\\\/cftc-dartyidf.fr\\\/#website\"},\"datePublished\":\"2017-02-08T15:12:58+00:00\",\"breadcrumb\":{\"@id\":\"https:\\\/\\\/cftc-dartyidf.fr\\\/index.php\\\/conges-speciaux-de-courte-duree\\\/#breadcrumb\"},\"inLanguage\":\"fr-FR\",\"potentialAction\":[{\"@type\":\"ReadAction\",\"target\":[\"https:\\\/\\\/cftc-dartyidf.fr\\\/index.php\\\/conges-speciaux-de-courte-duree\\\/\"]}]},{\"@type\":\"BreadcrumbList\",\"@id\":\"https:\\\/\\\/cftc-dartyidf.fr\\\/index.php\\\/conges-speciaux-de-courte-duree\\\/#breadcrumb\",\"itemListElement\":[{\"@type\":\"ListItem\",\"position\":1,\"name\":\"Accueil\",\"item\":\"https:\\\/\\\/cftc-dartyidf.fr\\\/\"},{\"@type\":\"ListItem\",\"position\":2,\"name\":\"Les cong\u00e9s sp\u00e9ciaux de courte dur\u00e9e\"}]},{\"@type\":\"WebSite\",\"@id\":\"https:\\\/\\\/cftc-dartyidf.fr\\\/#website\",\"url\":\"https:\\\/\\\/cftc-dartyidf.fr\\\/\",\"name\":\"CFTC-Darty IDF\",\"description\":\"Le site de la section syndicale CFTC chez Darty IDF\",\"potentialAction\":[{\"@type\":\"SearchAction\",\"target\":{\"@type\":\"EntryPoint\",\"urlTemplate\":\"https:\\\/\\\/cftc-dartyidf.fr\\\/?s={search_term_string}\"},\"query-input\":{\"@type\":\"PropertyValueSpecification\",\"valueRequired\":true,\"valueName\":\"search_term_string\"}}],\"inLanguage\":\"fr-FR\"}]}<\/script>\n<!-- \/ Yoast SEO plugin. -->","yoast_head_json":{"title":"Les cong\u00e9s sp\u00e9ciaux de courte dur\u00e9e - CFTC-Darty IDF","robots":{"index":"index","follow":"follow","max-snippet":"max-snippet:-1","max-image-preview":"max-image-preview:large","max-video-preview":"max-video-preview:-1"},"canonical":"https:\/\/cftc-dartyidf.fr\/index.php\/conges-speciaux-de-courte-duree\/","og_locale":"fr_FR","og_type":"article","og_title":"Les cong\u00e9s sp\u00e9ciaux de courte dur\u00e9e - CFTC-Darty IDF","og_description":"Tout salari\u00e9 b\u00e9n\u00e9ficie, SUR JUSTIFICATIF, d\u2019un cong\u00e9 r\u00e9mun\u00e9r\u00e9 (fixe et variable) lors de la survenance de l\u2019un des \u00e9v\u00e9nements familiaux suivants : \u00c9V\u00c9NEMENT\u00a0FAMILIAL CONVENTION COLLECTIVE ou AVANTAGE DARTY Mariage du ... Lire plus","og_url":"https:\/\/cftc-dartyidf.fr\/index.php\/conges-speciaux-de-courte-duree\/","og_site_name":"CFTC-Darty IDF","twitter_card":"summary_large_image","twitter_misc":{"Dur\u00e9e de lecture estim\u00e9e":"1 minute"},"schema":{"@context":"https:\/\/schema.org","@graph":[{"@type":"WebPage","@id":"https:\/\/cftc-dartyidf.fr\/index.php\/conges-speciaux-de-courte-duree\/","url":"https:\/\/cftc-dartyidf.fr\/index.php\/conges-speciaux-de-courte-duree\/","name":"Les cong\u00e9s sp\u00e9ciaux de courte dur\u00e9e - CFTC-Darty IDF","isPartOf":{"@id":"https:\/\/cftc-dartyidf.fr\/#website"},"datePublished":"2017-02-08T15:12:58+00:00","breadcrumb":{"@id":"https:\/\/cftc-dartyidf.fr\/index.php\/conges-speciaux-de-courte-duree\/#breadcrumb"},"inLanguage":"fr-FR","potentialAction":[{"@type":"ReadAction","target":["https:\/\/cftc-dartyidf.fr\/index.php\/conges-speciaux-de-courte-duree\/"]}]},{"@type":"BreadcrumbList","@id":"https:\/\/cftc-dartyidf.fr\/index.php\/conges-speciaux-de-courte-duree\/#breadcrumb","itemListElement":[{"@type":"ListItem","position":1,"name":"Accueil","item":"https:\/\/cftc-dartyidf.fr\/"},{"@type":"ListItem","position":2,"name":"Les cong\u00e9s sp\u00e9ciaux de courte dur\u00e9e"}]},{"@type":"WebSite","@id":"https:\/\/cftc-dartyidf.fr\/#website","url":"https:\/\/cftc-dartyidf.fr\/","name":"CFTC-Darty IDF","description":"Le site de la section syndicale CFTC chez Darty IDF","potentialAction":[{"@type":"SearchAction","target":{"@type":"EntryPoint","urlTemplate":"https:\/\/cftc-dartyidf.fr\/?s={search_term_string}"},"query-input":{"@type":"PropertyValueSpecification","valueRequired":true,"valueName":"search_term_string"}}],"inLanguage":"fr-FR"}]}},"jetpack_sharing_enabled":true,"jetpack_shortlink":"https:\/\/wp.me\/P8n98f-fE","jetpack-related-posts":[{"id":973,"url":"https:\/\/cftc-dartyidf.fr\/index.php\/les-conges-speciaux\/","url_meta":{"origin":970,"position":0},"title":"Les cong\u00e9s sp\u00e9ciaux","author":"webcsfv","date":"08\/02\/2017","format":false,"excerpt":"LE CONGE SABBATIQUE Les salari\u00e9s peuvent obtenir un cong\u00e9 non r\u00e9mun\u00e9r\u00e9 de 6 \u00e0 11 mois pour se consacrer \u00e0 l\u2019activit\u00e9 de leur choix, \u00e0 condition : d\u2019avoir au moins 36 mois d\u2019anciennet\u00e9 dans l\u2019entreprise, cons\u00e9cutifs ou non d\u2019avoir au moins 6 ann\u00e9es d\u2019exp\u00e9rience professionnelle. de ne pas avoir b\u00e9n\u00e9fici\u00e9\u2026","rel":"","context":"Article similaire","block_context":{"text":"Article similaire","link":""},"img":{"alt_text":"","src":"","width":0,"height":0},"classes":[]},{"id":1018,"url":"https:\/\/cftc-dartyidf.fr\/index.php\/les-avantages-du-ce\/","url_meta":{"origin":970,"position":1},"title":"Les avantages du CSE","author":"webcsfv","date":"09\/02\/2017","format":false,"excerpt":"Droits ouverts apr\u00e8s 3 mois d\u2019anciennet\u00e9 \u00c9V\u00c8NEMENTS AVANTAGES JUSTIFICATIFS CONDITIONS Mariage Bon d\u2019achat DART Y de 92\u20ac Extrait d\u2019acte de mariage N\u00e9ant Naissance Bon d\u2019achat Tir Group\u00e9 de 78\u20ac Extrait de naissance N\u00e9ant Retraite Bon d\u2019achat de 120\u20ac ou un avoir sur une activit\u00e9 Certificat de fin de carri\u00e8re N\u00e9ant\u2026","rel":"","context":"Article similaire","block_context":{"text":"Article similaire","link":""},"img":{"alt_text":"","src":"","width":0,"height":0},"classes":[]},{"id":965,"url":"https:\/\/cftc-dartyidf.fr\/index.php\/les-conges-payes\/","url_meta":{"origin":970,"position":2},"title":"Les cong\u00e9s pay\u00e9s","author":"webcsfv","date":"06\/02\/2017","format":false,"excerpt":"P\u00e9riode de r\u00e9f\u00e9rence : pour le calcul du droit et de la r\u00e9mun\u00e9ration: du 1er Juin de l\u2019ann\u00e9e pr\u00e9c\u00e9dente au 31 Mai de l\u2019ann\u00e9e en cours. Chez DARTY les jours de cong\u00e9s sont calcul\u00e9s en jours ouvr\u00e9s: 5 semaines de CP = 25 jours ouvr\u00e9s c\u2019est \u00e0 dire 20 jours\u2026","rel":"","context":"Article similaire","block_context":{"text":"Article similaire","link":""},"img":{"alt_text":"","src":"","width":0,"height":0},"classes":[]},{"id":1010,"url":"https:\/\/cftc-dartyidf.fr\/index.php\/contrats-de-travail\/","url_meta":{"origin":970,"position":3},"title":"Les contrats de travail","author":"webcsfv","date":"09\/02\/2017","format":false,"excerpt":"\u00a0 Le CDI (Contrat \u00e0 Dur\u00e9e Ind\u00e9termin\u00e9e) La p\u00e9riode d\u2019essai est de: 2 mois pour les EOT (Employ\u00e9 Ouvrier Technicien) 3 mois pour les Agents de Ma\u00eetrise 4 mois pour les cadres Elle peut \u00eatre renouvel\u00e9e une fois. Pendant la p\u00e9riode d\u2019essai les parties peuvent se s\u00e9parer sans pr\u00e9avis, ni\u2026","rel":"","context":"Article similaire","block_context":{"text":"Article similaire","link":""},"img":{"alt_text":"","src":"","width":0,"height":0},"classes":[]},{"id":995,"url":"https:\/\/cftc-dartyidf.fr\/index.php\/prime-de-fin-dannee-pfa\/","url_meta":{"origin":970,"position":4},"title":"Prime de fin d&#8217;ann\u00e9e (PFA)","author":"webcsfv","date":"09\/02\/2017","format":false,"excerpt":"La PFA est vers\u00e9e sur la paye de D\u00e9cembre et est calcul\u00e9e comme suit : Salaire brut de base de Novembre (le fixe) + la moyenne des primes variables, li\u00e9es \u00e0 la fonction du salari\u00e9, qui ont \u00e9t\u00e9 pay\u00e9es entre le 1er Novembre de l\u2019ann\u00e9e pr\u00e9c\u00e9dente et le 31 Octobre\u2026","rel":"","context":"Article similaire","block_context":{"text":"Article similaire","link":""},"img":{"alt_text":"","src":"","width":0,"height":0},"classes":[]},{"id":983,"url":"https:\/\/cftc-dartyidf.fr\/index.php\/la-maladie\/","url_meta":{"origin":970,"position":5},"title":"Maladie","author":"webcsfv","date":"08\/02\/2017","format":false,"excerpt":"Le salari\u00e9 absent pour maladie, doit pr\u00e9venir son employeur et motiver son absence. Au-del\u00e0 de 3 jours, cette absence doit en outre \u00eatre justifi\u00e9e par un certificat m\u00e9dical. Si le salari\u00e9 est absent pour maladie pendant au moins 21 jours, il doit pr\u00e9senter un certificat m\u00e9dical de reprise. L\u2019entreprise cesse\u2026","rel":"","context":"Article similaire","block_context":{"text":"Article similaire","link":""},"img":{"alt_text":"","src":"","width":0,"height":0},"classes":[]}],"ticketed":false,"_links":{"self":[{"href":"https:\/\/cftc-dartyidf.fr\/index.php\/wp-json\/wp\/v2\/pages\/970","targetHints":{"allow":["GET"]}}],"collection":[{"href":"https:\/\/cftc-dartyidf.fr\/index.php\/wp-json\/wp\/v2\/pages"}],"about":[{"href":"https:\/\/cftc-dartyidf.fr\/index.php\/wp-json\/wp\/v2\/types\/page"}],"author":[{"embeddable":true,"href":"https:\/\/cftc-dartyidf.fr\/index.php\/wp-json\/wp\/v2\/users\/1"}],"replies":[{"embeddable":true,"href":"https:\/\/cftc-dartyidf.fr\/index.php\/wp-json\/wp\/v2\/comments?post=970"}],"version-history":[{"count":1,"href":"https:\/\/cftc-dartyidf.fr\/index.php\/wp-json\/wp\/v2\/pages\/970\/revisions"}],"predecessor-version":[{"id":971,"href":"https:\/\/cftc-dartyidf.fr\/index.php\/wp-json\/wp\/v2\/pages\/970\/revisions\/971"}],"wp:attachment":[{"href":"https:\/\/cftc-dartyidf.fr\/index.php\/wp-json\/wp\/v2\/media?parent=970"}],"curies":[{"name":"wp","href":"https:\/\/api.w.org\/{rel}","templated":true}]}}