{"id":1006,"date":"2017-02-09T10:35:18","date_gmt":"2017-02-09T09:35:18","guid":{"rendered":"https:\/\/cftc-dartyidf.fr\/?page_id=1006"},"modified":"2017-02-09T10:35:31","modified_gmt":"2017-02-09T09:35:31","slug":"la-formation","status":"publish","type":"page","link":"https:\/\/cftc-dartyidf.fr\/index.php\/la-formation\/","title":{"rendered":"La formation"},"content":{"rendered":"<h2>Le plan global de formation<\/h2>\n<p>Le plan global de formation de l\u2019entreprise contient des stages propos\u00e9s par la direction et discut\u00e9s ou compl\u00e9t\u00e9s dans les commissions formation du Comit\u00e9 d\u2019Entreprise. Ce plan est soumis au vote de vos \u00e9lus \u00e0 ce Comit\u00e9 d\u2019Entreprise.<\/p>\n<h2>La demande individuelle de formation<\/h2>\n<p>Le salari\u00e9 fait une demande \u00e9crite \u00e0 son sup\u00e9rieur hi\u00e9rarchique.<\/p>\n<p>En fonction du stage demand\u00e9, de sa dur\u00e9e, de son co\u00fbt, de son utilit\u00e9 et de son lien avec l\u2019activit\u00e9 de l\u2019entreprise, cette demande sera retenue pour \u00eatre soumise \u00e0 la commission formation du Comit\u00e9 d\u2019Entreprise donc financ\u00e9e enti\u00e8rement par l\u2019entreprise ou bien renvoy\u00e9e pour constitution d\u2019un dossier de demande de cong\u00e9 individuel de formation (CIF).<\/p>\n<p>Le salari\u00e9 peut se former en tout ou partie pendant le temps de travail afin de progresser au cours de sa vie professionnelle. Les principaux dispositifs de formation continue sont les suivants : plan de formation de l\u2019entreprise, mobilisation du compte personnel de formation (CPF) ou encore cong\u00e9 individuel de formation (CIF).<\/p>\n<h2>Le CPF (Compte Personnel de Formation)<\/h2>\n<p>Le CPF est un compte qui recense les heures de formation acquises par le salari\u00e9 tout au long de sa vie active et jusqu&#8217;\u00e0 son d\u00e9part \u00e0 la retraite. Il remplace le DIF depuis le 1 er Janvier 2015.<\/p>\n<p>Le salari\u00e9 peut cumuler jusqu\u2019\u00e0 150H au bout de 8 ans.<\/p>\n<p>Le CPF n\u2019est pas li\u00e9 au contrat de travail et est donc transf\u00e9rable en cas de changement d\u2019employeur.<\/p>\n<p>Les formations qui sont faites hors temps de travail ne sont plus soumises \u00e0 l\u2019approbation de l\u2019employeur.<\/p>\n<p>Les formations \u00e9ligibles sont :<\/p>\n<ul>\n<li>les formations qualifiantes permettant d&#8217;acqu\u00e9rir une qualification (un dipl\u00f4me, un titre professionnel&#8230;)<\/li>\n<li>Les formations permettant d&#8217;acqu\u00e9rir les connaissances de bases<\/li>\n<li>La Validation des Acquis et de l&#8217;Exp\u00e9rience (VAE)<\/li>\n<li>D&#8217;autres formations r\u00e9pertori\u00e9es sur une liste d\u00e9finie par les partenaires sociaux sont \u00e9galement \u00e9ligibles<\/li>\n<\/ul>\n<p>Les salari\u00e9s ne perdent pas les heures de DIF dont ils disposaient car elles sont transf\u00e9r\u00e9es sur le CPF. Ils pourront les mobiliser jusqu&#8217;au 31 D\u00e9cembre 2020.<\/p>\n","protected":false},"excerpt":{"rendered":"<p>Le plan global de formation Le plan global de formation de l\u2019entreprise contient des stages propos\u00e9s par la direction et discut\u00e9s ou compl\u00e9t\u00e9s dans les commissions formation du Comit\u00e9 d\u2019Entreprise. &#8230; <a title=\"La formation\" class=\"read-more\" href=\"https:\/\/cftc-dartyidf.fr\/index.php\/la-formation\/\" aria-label=\"En savoir plus sur La formation\">Lire plus<\/a><\/p>\n","protected":false},"author":1,"featured_media":0,"parent":0,"menu_order":0,"comment_status":"closed","ping_status":"closed","template":"","meta":{"generate_page_header":"","_price":"","_stock":"","_tribe_ticket_header":"","_tribe_default_ticket_provider":"","_tribe_ticket_capacity":"0","_ticket_start_date":"","_ticket_end_date":"","_tribe_ticket_show_description":"","_tribe_ticket_show_not_going":false,"_tribe_ticket_use_global_stock":"","_tribe_ticket_global_stock_level":"","_global_stock_mode":"","_global_stock_cap":"","_tribe_rsvp_for_event":"","_tribe_ticket_going_count":"","_tribe_ticket_not_going_count":"","_tribe_tickets_list":"[]","_tribe_ticket_has_attendee_info_fields":false,"jetpack_post_was_ever_published":false,"footnotes":"","_tec_slr_enabled":"","_tec_slr_layout":""},"class_list":["post-1006","page","type-page","status-publish"],"yoast_head":"<!-- This site is optimized with the Yoast SEO plugin v27.5 - https:\/\/yoast.com\/product\/yoast-seo-wordpress\/ -->\n<title>La formation - CFTC-Darty IDF<\/title>\n<meta name=\"robots\" content=\"index, follow, max-snippet:-1, max-image-preview:large, max-video-preview:-1\" \/>\n<link rel=\"canonical\" href=\"https:\/\/cftc-dartyidf.fr\/index.php\/la-formation\/\" \/>\n<meta property=\"og:locale\" content=\"fr_FR\" \/>\n<meta property=\"og:type\" content=\"article\" \/>\n<meta property=\"og:title\" content=\"La formation - CFTC-Darty IDF\" \/>\n<meta property=\"og:description\" content=\"Le plan global de formation Le plan global de formation de l\u2019entreprise contient des stages propos\u00e9s par la direction et discut\u00e9s ou compl\u00e9t\u00e9s dans les commissions formation du Comit\u00e9 d\u2019Entreprise. ... Lire plus\" \/>\n<meta property=\"og:url\" content=\"https:\/\/cftc-dartyidf.fr\/index.php\/la-formation\/\" \/>\n<meta property=\"og:site_name\" content=\"CFTC-Darty IDF\" \/>\n<meta property=\"article:modified_time\" content=\"2017-02-09T09:35:31+00:00\" \/>\n<meta name=\"twitter:card\" content=\"summary_large_image\" \/>\n<meta name=\"twitter:label1\" content=\"Dur\u00e9e de lecture estim\u00e9e\" \/>\n\t<meta name=\"twitter:data1\" content=\"2 minutes\" \/>\n<script type=\"application\/ld+json\" class=\"yoast-schema-graph\">{\"@context\":\"https:\\\/\\\/schema.org\",\"@graph\":[{\"@type\":\"WebPage\",\"@id\":\"https:\\\/\\\/cftc-dartyidf.fr\\\/index.php\\\/la-formation\\\/\",\"url\":\"https:\\\/\\\/cftc-dartyidf.fr\\\/index.php\\\/la-formation\\\/\",\"name\":\"La formation - CFTC-Darty IDF\",\"isPartOf\":{\"@id\":\"https:\\\/\\\/cftc-dartyidf.fr\\\/#website\"},\"datePublished\":\"2017-02-09T09:35:18+00:00\",\"dateModified\":\"2017-02-09T09:35:31+00:00\",\"breadcrumb\":{\"@id\":\"https:\\\/\\\/cftc-dartyidf.fr\\\/index.php\\\/la-formation\\\/#breadcrumb\"},\"inLanguage\":\"fr-FR\",\"potentialAction\":[{\"@type\":\"ReadAction\",\"target\":[\"https:\\\/\\\/cftc-dartyidf.fr\\\/index.php\\\/la-formation\\\/\"]}]},{\"@type\":\"BreadcrumbList\",\"@id\":\"https:\\\/\\\/cftc-dartyidf.fr\\\/index.php\\\/la-formation\\\/#breadcrumb\",\"itemListElement\":[{\"@type\":\"ListItem\",\"position\":1,\"name\":\"Accueil\",\"item\":\"https:\\\/\\\/cftc-dartyidf.fr\\\/\"},{\"@type\":\"ListItem\",\"position\":2,\"name\":\"La formation\"}]},{\"@type\":\"WebSite\",\"@id\":\"https:\\\/\\\/cftc-dartyidf.fr\\\/#website\",\"url\":\"https:\\\/\\\/cftc-dartyidf.fr\\\/\",\"name\":\"CFTC-Darty IDF\",\"description\":\"Le site de la section syndicale CFTC chez Darty IDF\",\"potentialAction\":[{\"@type\":\"SearchAction\",\"target\":{\"@type\":\"EntryPoint\",\"urlTemplate\":\"https:\\\/\\\/cftc-dartyidf.fr\\\/?s={search_term_string}\"},\"query-input\":{\"@type\":\"PropertyValueSpecification\",\"valueRequired\":true,\"valueName\":\"search_term_string\"}}],\"inLanguage\":\"fr-FR\"}]}<\/script>\n<!-- \/ Yoast SEO plugin. -->","yoast_head_json":{"title":"La formation - CFTC-Darty IDF","robots":{"index":"index","follow":"follow","max-snippet":"max-snippet:-1","max-image-preview":"max-image-preview:large","max-video-preview":"max-video-preview:-1"},"canonical":"https:\/\/cftc-dartyidf.fr\/index.php\/la-formation\/","og_locale":"fr_FR","og_type":"article","og_title":"La formation - CFTC-Darty IDF","og_description":"Le plan global de formation Le plan global de formation de l\u2019entreprise contient des stages propos\u00e9s par la direction et discut\u00e9s ou compl\u00e9t\u00e9s dans les commissions formation du Comit\u00e9 d\u2019Entreprise. ... Lire plus","og_url":"https:\/\/cftc-dartyidf.fr\/index.php\/la-formation\/","og_site_name":"CFTC-Darty IDF","article_modified_time":"2017-02-09T09:35:31+00:00","twitter_card":"summary_large_image","twitter_misc":{"Dur\u00e9e de lecture estim\u00e9e":"2 minutes"},"schema":{"@context":"https:\/\/schema.org","@graph":[{"@type":"WebPage","@id":"https:\/\/cftc-dartyidf.fr\/index.php\/la-formation\/","url":"https:\/\/cftc-dartyidf.fr\/index.php\/la-formation\/","name":"La formation - CFTC-Darty IDF","isPartOf":{"@id":"https:\/\/cftc-dartyidf.fr\/#website"},"datePublished":"2017-02-09T09:35:18+00:00","dateModified":"2017-02-09T09:35:31+00:00","breadcrumb":{"@id":"https:\/\/cftc-dartyidf.fr\/index.php\/la-formation\/#breadcrumb"},"inLanguage":"fr-FR","potentialAction":[{"@type":"ReadAction","target":["https:\/\/cftc-dartyidf.fr\/index.php\/la-formation\/"]}]},{"@type":"BreadcrumbList","@id":"https:\/\/cftc-dartyidf.fr\/index.php\/la-formation\/#breadcrumb","itemListElement":[{"@type":"ListItem","position":1,"name":"Accueil","item":"https:\/\/cftc-dartyidf.fr\/"},{"@type":"ListItem","position":2,"name":"La formation"}]},{"@type":"WebSite","@id":"https:\/\/cftc-dartyidf.fr\/#website","url":"https:\/\/cftc-dartyidf.fr\/","name":"CFTC-Darty IDF","description":"Le site de la section syndicale CFTC chez Darty IDF","potentialAction":[{"@type":"SearchAction","target":{"@type":"EntryPoint","urlTemplate":"https:\/\/cftc-dartyidf.fr\/?s={search_term_string}"},"query-input":{"@type":"PropertyValueSpecification","valueRequired":true,"valueName":"search_term_string"}}],"inLanguage":"fr-FR"}]}},"jetpack_sharing_enabled":true,"jetpack_shortlink":"https:\/\/wp.me\/P8n98f-ge","jetpack-related-posts":[{"id":973,"url":"https:\/\/cftc-dartyidf.fr\/index.php\/les-conges-speciaux\/","url_meta":{"origin":1006,"position":0},"title":"Les cong\u00e9s sp\u00e9ciaux","author":"webcsfv","date":"08\/02\/2017","format":false,"excerpt":"LE CONGE SABBATIQUE Les salari\u00e9s peuvent obtenir un cong\u00e9 non r\u00e9mun\u00e9r\u00e9 de 6 \u00e0 11 mois pour se consacrer \u00e0 l\u2019activit\u00e9 de leur choix, \u00e0 condition : d\u2019avoir au moins 36 mois d\u2019anciennet\u00e9 dans l\u2019entreprise, cons\u00e9cutifs ou non d\u2019avoir au moins 6 ann\u00e9es d\u2019exp\u00e9rience professionnelle. de ne pas avoir b\u00e9n\u00e9fici\u00e9\u2026","rel":"","context":"Article similaire","block_context":{"text":"Article similaire","link":""},"img":{"alt_text":"","src":"","width":0,"height":0},"classes":[]},{"id":1014,"url":"https:\/\/cftc-dartyidf.fr\/index.php\/le-ce-comite-dentreprise\/","url_meta":{"origin":1006,"position":1},"title":"Le CSE (Comit\u00e9 Social et \u00c9conomique)","author":"webcsfv","date":"09\/02\/2017","format":false,"excerpt":"Le Pr\u00e9sident du Comit\u00e9 d\u2019Entreprise est le Directeur G\u00e9n\u00e9ral de DARTY Paris-Ile-de-France. Il pr\u00e9side les r\u00e9unions mensuelles. La gestion des activit\u00e9s sociales et culturelles est du ressort des \u00e9lus. La composition du bureau du comit\u00e9 www.cse-dartyidf.com Les membres du bureau sont d\u00e9sign\u00e9s parmi les \u00e9lus au CE apr\u00e8s chaque \u00e9lection.\u2026","rel":"","context":"Article similaire","block_context":{"text":"Article similaire","link":""},"img":{"alt_text":"","src":"","width":0,"height":0},"classes":[]},{"id":965,"url":"https:\/\/cftc-dartyidf.fr\/index.php\/les-conges-payes\/","url_meta":{"origin":1006,"position":2},"title":"Les cong\u00e9s pay\u00e9s","author":"webcsfv","date":"06\/02\/2017","format":false,"excerpt":"P\u00e9riode de r\u00e9f\u00e9rence : pour le calcul du droit et de la r\u00e9mun\u00e9ration: du 1er Juin de l\u2019ann\u00e9e pr\u00e9c\u00e9dente au 31 Mai de l\u2019ann\u00e9e en cours. Chez DARTY les jours de cong\u00e9s sont calcul\u00e9s en jours ouvr\u00e9s: 5 semaines de CP = 25 jours ouvr\u00e9s c\u2019est \u00e0 dire 20 jours\u2026","rel":"","context":"Article similaire","block_context":{"text":"Article similaire","link":""},"img":{"alt_text":"","src":"","width":0,"height":0},"classes":[]},{"id":1010,"url":"https:\/\/cftc-dartyidf.fr\/index.php\/contrats-de-travail\/","url_meta":{"origin":1006,"position":3},"title":"Les contrats de travail","author":"webcsfv","date":"09\/02\/2017","format":false,"excerpt":"\u00a0 Le CDI (Contrat \u00e0 Dur\u00e9e Ind\u00e9termin\u00e9e) La p\u00e9riode d\u2019essai est de: 2 mois pour les EOT (Employ\u00e9 Ouvrier Technicien) 3 mois pour les Agents de Ma\u00eetrise 4 mois pour les cadres Elle peut \u00eatre renouvel\u00e9e une fois. Pendant la p\u00e9riode d\u2019essai les parties peuvent se s\u00e9parer sans pr\u00e9avis, ni\u2026","rel":"","context":"Article similaire","block_context":{"text":"Article similaire","link":""},"img":{"alt_text":"","src":"","width":0,"height":0},"classes":[]},{"id":1004,"url":"https:\/\/cftc-dartyidf.fr\/index.php\/participation-aux-benefices\/","url_meta":{"origin":1006,"position":4},"title":"La participation aux b\u00e9n\u00e9fices","author":"webcsfv","date":"09\/02\/2017","format":false,"excerpt":"C\u2019est un syst\u00e8me l\u00e9gal de redistribution aux salari\u00e9s, d\u2019une partie du b\u00e9n\u00e9fice net de l\u2019entreprise. Chez DARTY, le versement s\u2019effectue vers le mois de Juillet. Son montant est calcul\u00e9 \u00e0 partir d\u2019u pourcentage du salaire annuel brut de l\u2019ann\u00e9e de r\u00e9f\u00e9rence (du 1er Mai de l\u2019ann\u00e9e pass\u00e9e au 30 Avril\u2026","rel":"","context":"Article similaire","block_context":{"text":"Article similaire","link":""},"img":{"alt_text":"","src":"","width":0,"height":0},"classes":[]},{"id":1012,"url":"https:\/\/cftc-dartyidf.fr\/index.php\/les-contrats-dalternance\/","url_meta":{"origin":1006,"position":5},"title":"Les contrats d&#8217;alternance","author":"webcsfv","date":"09\/02\/2017","format":false,"excerpt":"Ces contrats sont les contrats de professionnalisation ou d\u2019apprentissage. Ils associent les \u00e9coles pour la th\u00e9orie et les entreprises pour la pratique. Ils s\u2019adressent aux jeunes de 18 \u00e0 26 ans. \u00a0 APPRENTISSAGE PROFESSIONNALISATION BENEFICIAIRE Jeune de (16) 18 \u00e0 25 ans Jeune de (16) 18 \u00e0 25 ans et\u2026","rel":"","context":"Article similaire","block_context":{"text":"Article similaire","link":""},"img":{"alt_text":"","src":"","width":0,"height":0},"classes":[]}],"ticketed":false,"_links":{"self":[{"href":"https:\/\/cftc-dartyidf.fr\/index.php\/wp-json\/wp\/v2\/pages\/1006","targetHints":{"allow":["GET"]}}],"collection":[{"href":"https:\/\/cftc-dartyidf.fr\/index.php\/wp-json\/wp\/v2\/pages"}],"about":[{"href":"https:\/\/cftc-dartyidf.fr\/index.php\/wp-json\/wp\/v2\/types\/page"}],"author":[{"embeddable":true,"href":"https:\/\/cftc-dartyidf.fr\/index.php\/wp-json\/wp\/v2\/users\/1"}],"replies":[{"embeddable":true,"href":"https:\/\/cftc-dartyidf.fr\/index.php\/wp-json\/wp\/v2\/comments?post=1006"}],"version-history":[{"count":3,"href":"https:\/\/cftc-dartyidf.fr\/index.php\/wp-json\/wp\/v2\/pages\/1006\/revisions"}],"predecessor-version":[{"id":1009,"href":"https:\/\/cftc-dartyidf.fr\/index.php\/wp-json\/wp\/v2\/pages\/1006\/revisions\/1009"}],"wp:attachment":[{"href":"https:\/\/cftc-dartyidf.fr\/index.php\/wp-json\/wp\/v2\/media?parent=1006"}],"curies":[{"name":"wp","href":"https:\/\/api.w.org\/{rel}","templated":true}]}}